{"id":279,"date":"2020-01-22T11:38:50","date_gmt":"2020-01-22T11:38:50","guid":{"rendered":"https:\/\/centroesteticamanresa.com\/web\/?page_id=279"},"modified":"2020-09-22T09:48:43","modified_gmt":"2020-09-22T09:48:43","slug":"nutricion-y-dietetica","status":"publish","type":"page","link":"https:\/\/centroesteticamanresa.com\/es\/nutricion-y-dietetica\/","title":{"rendered":"Nutrici\u00f3n y Diet\u00e9tica"},"content":{"rendered":"<div class=\"section-full-width section-light2\" style=\"background-color:#f7f7f7;\" id=\"section-1\"><div class=\"section-boxed\" style=\"color:#777777;\"><p><div class=\"services-wrapper services-fullbox cols-wrapper cols-2\" style=\"background-color:#efefef;color:#777777;\"><div class=\"services-box col services-no-content\"><div class=\"img-container\"><img decoding=\"async\" src=\"https:\/\/centroesteticamanresa.com\/wp-content\/uploads\/2020\/07\/AA698B57-83C2-4302-969B-0C0AD91E2459.jpg\" alt=\"\"\/><\/div><div class=\"services-content\"><div class=\"sc-wraper\"><\/div><\/div><\/div><div class=\"services-box col nomargin services-no-image\"><div class=\"services-content\"><div class=\"sc-wraper\"><h3>Aitza Su\u00e1rez Salas<\/h3><p>\u00b7 Licenciada en Nutrici\u00f3n Humana y Dietetica\r\nUniversidad de Vic CODINUCAT n\u00ba001083\r\n<\/br><\/br>\u00b7 PsicoNeuroInmunologa (Formada por XEVI VERDAGUER)\r\nPostgrado por la Universidad de Barcelona.<\/p><\/div><\/div><\/div><div class=\"clear\"><\/div><\/div><br \/>\n<\/br><\/p>\n<h6 style=\"text-align: center;\"><b>Psico-Neuro-Inmuno-Endocrinologia<\/b> es una ciencia que estudia la <b>interrelaci\u00f3n entre la mente \u2013 cerebro, el sistema nervioso, el sistema inmunologico, el sistema endocrino y el sistema digestivo del ser humano<\/b>, el cual nos permite entender de una manera personalizada y global al paciente.<\/h6>\n<h6 style=\"text-align: center;\"><b>La Psiconueroinmunoendocrinologia, la psiconeuroinmunologia o Medicina Integradora<\/b> nos da la capacidad de poder entender todos los desequilibrios que manifiesta nuestro cuerpo cuando tenemos <b>dolores de barriga, gases , estre\u00f1imiento, migra\u00f1as, cansancio, obesidad, dolores musculares, articulares, fatiga cr\u00f3nica, ca\u00edda de cabello, psoriasis, problemas cardiovasculares, virus, hongos, etc\u2026<\/b> y poder interrelacionar los s\u00edntomas y encontrar la ra\u00edz del problema.<\/h6>\n<h6 style=\"text-align: center;\">En nuestra primera visita nuestro objetivo sera entender y comprender lo que te pasa y as\u00ed para poder <b>mejorar tu calidad de vida<\/b>, mejorar tu estado de salud, ense\u00f1\u00e1ndote y reeducandote a una <b>correcta alimentaci\u00f3n personalizada<\/b> y para poder tener una exactitud de tus deficiencias micro y macro nutricionales te solicitare diferentes tipos de anal\u00edticas que nos sera de gran ayuda para poder establecer pautas seguras y conseguir un <b>equilibrio y regeneraci\u00f3n optima de tu estado de salud<\/b>.<\/h6>\n<h5><\/h5>\n<p>\n<\/div><\/div>\n<div class=\"services-wrapper services-fullbox cols-wrapper cols-4\" style=\"background-color:#304151;color:#ffffff;\"><div class=\"services-box col services-no-content\"><div class=\"img-container\"><img decoding=\"async\" src=\"https:\/\/centroesteticamanresa.com\/wp-content\/uploads\/2020\/02\/Psiconeuroinmunoendocrinologia_natural_medic.jpeg\" alt=\"\"\/><\/div><div class=\"services-content\"><div class=\"sc-wraper\"><\/div><\/div><\/div><div class=\"services-box col services-no-content\"><div class=\"img-container\"><img decoding=\"async\" src=\"https:\/\/centroesteticamanresa.com\/wp-content\/uploads\/2020\/02\/Psiconeuroinmunoendocrinologia_manresa_medic_estetic.jpeg\" alt=\"\"\/><\/div><div class=\"services-content\"><div class=\"sc-wraper\"><\/div><\/div><\/div><div class=\"services-box col services-no-content\"><div class=\"img-container\"><img decoding=\"async\" src=\"https:\/\/centroesteticamanresa.com\/wp-content\/uploads\/2020\/02\/dietetica_manresa.jpeg\" alt=\"\"\/><\/div><div class=\"services-content\"><div class=\"sc-wraper\"><\/div><\/div><\/div><div class=\"services-box col nomargin services-no-content\"><div class=\"img-container\"><img decoding=\"async\" src=\"https:\/\/centroesteticamanresa.com\/wp-content\/uploads\/2020\/02\/Nutricion_manresa.jpeg\" alt=\"\"\/><\/div><div class=\"services-content\"><div class=\"sc-wraper\"><\/div><\/div><\/div><div class=\"clear\"><\/div><\/div>\n","protected":false},"excerpt":{"rendered":"","protected":false},"author":4,"featured_media":0,"parent":0,"menu_order":0,"comment_status":"open","ping_status":"open","template":"template-full-custom.php","meta":{"_uag_custom_page_level_css":"","footnotes":""},"class_list":["post-279","page","type-page","status-publish","hentry"],"yoast_head":"<!-- This site is optimized with the Yoast SEO plugin v23.0 - https:\/\/yoast.com\/wordpress\/plugins\/seo\/ -->\n<title>Nutrici\u00f3n y Diet\u00e9tica \u00b7 Natural M\u00e8dic Est\u00e8tic Manresa \u00b7 Est\u00e9tica Avanzada<\/title>\n<meta name=\"description\" content=\"Nutrici\u00f3n y Diet\u00e9tica \u00b7 Natural M\u00e8dic Est\u00e8tic Manresa \u00b7 Est\u00e9tica Avanzada \u00b7 Centro de est\u00e9tica ubicado en Manresa. Est\u00e9tica y nutrici\u00f3n.\" \/>\n<meta name=\"robots\" content=\"index, follow, max-snippet:-1, max-image-preview:large, max-video-preview:-1\" \/>\n<link rel=\"canonical\" href=\"https:\/\/centroesteticamanresa.com\/es\/nutricion-y-dietetica\/\" \/>\n<meta property=\"og:locale\" content=\"es_ES\" \/>\n<meta property=\"og:type\" content=\"article\" \/>\n<meta property=\"og:title\" content=\"Nutrici\u00f3n y Diet\u00e9tica \u00b7 Natural M\u00e8dic Est\u00e8tic Manresa \u00b7 Est\u00e9tica Avanzada\" \/>\n<meta property=\"og:description\" content=\"Nutrici\u00f3n y Diet\u00e9tica \u00b7 Natural M\u00e8dic Est\u00e8tic Manresa \u00b7 Est\u00e9tica Avanzada \u00b7 Centro de est\u00e9tica ubicado en Manresa. Est\u00e9tica y nutrici\u00f3n.\" \/>\n<meta property=\"og:url\" content=\"https:\/\/centroesteticamanresa.com\/es\/nutricion-y-dietetica\/\" \/>\n<meta property=\"og:site_name\" content=\"Natural M\u00e8dic Est\u00e8tic \u00b7 Centre M\u00e8dic Est\u00e8tic a Manresa\" \/>\n<meta property=\"article:modified_time\" content=\"2020-09-22T09:48:43+00:00\" \/>\n<meta name=\"twitter:card\" content=\"summary_large_image\" \/>\n<meta name=\"twitter:label1\" content=\"Tiempo de lectura\" \/>\n\t<meta name=\"twitter:data1\" content=\"2 minutos\" \/>\n<script type=\"application\/ld+json\" class=\"yoast-schema-graph\">{\"@context\":\"https:\/\/schema.org\",\"@graph\":[{\"@type\":\"WebPage\",\"@id\":\"https:\/\/centroesteticamanresa.com\/es\/nutricion-y-dietetica\/\",\"url\":\"https:\/\/centroesteticamanresa.com\/es\/nutricion-y-dietetica\/\",\"name\":\"Nutrici\u00f3n y Diet\u00e9tica \u00b7 Natural M\u00e8dic Est\u00e8tic Manresa \u00b7 Est\u00e9tica Avanzada\",\"isPartOf\":{\"@id\":\"https:\/\/centroesteticamanresa.com\/es\/#website\"},\"datePublished\":\"2020-01-22T11:38:50+00:00\",\"dateModified\":\"2020-09-22T09:48:43+00:00\",\"description\":\"Nutrici\u00f3n y Diet\u00e9tica \u00b7 Natural M\u00e8dic Est\u00e8tic Manresa \u00b7 Est\u00e9tica Avanzada \u00b7 Centro de est\u00e9tica ubicado en Manresa. Est\u00e9tica y nutrici\u00f3n.\",\"breadcrumb\":{\"@id\":\"https:\/\/centroesteticamanresa.com\/es\/nutricion-y-dietetica\/#breadcrumb\"},\"inLanguage\":\"es\",\"potentialAction\":[{\"@type\":\"ReadAction\",\"target\":[\"https:\/\/centroesteticamanresa.com\/es\/nutricion-y-dietetica\/\"]}]},{\"@type\":\"BreadcrumbList\",\"@id\":\"https:\/\/centroesteticamanresa.com\/es\/nutricion-y-dietetica\/#breadcrumb\",\"itemListElement\":[{\"@type\":\"ListItem\",\"position\":1,\"name\":\"Portada\",\"item\":\"https:\/\/centroesteticamanresa.com\/es\/\"},{\"@type\":\"ListItem\",\"position\":2,\"name\":\"Nutrici\u00f3n y Diet\u00e9tica\"}]},{\"@type\":\"WebSite\",\"@id\":\"https:\/\/centroesteticamanresa.com\/es\/#website\",\"url\":\"https:\/\/centroesteticamanresa.com\/es\/\",\"name\":\"Natural M\u00e8dic Est\u00e8tic \u00b7 Centre M\u00e8dic Est\u00e8tic a Manresa\",\"description\":\"Centro M\u00e9dico de est\u00e9tica avanzada especializado en adelgazamiento, belleza y salud integral, ubicado en Manresa (Barcelona).\",\"potentialAction\":[{\"@type\":\"SearchAction\",\"target\":{\"@type\":\"EntryPoint\",\"urlTemplate\":\"https:\/\/centroesteticamanresa.com\/es\/?s={search_term_string}\"},\"query-input\":\"required name=search_term_string\"}],\"inLanguage\":\"es\"}]}<\/script>\n<!-- \/ Yoast SEO plugin. -->","yoast_head_json":{"title":"Nutrici\u00f3n y Diet\u00e9tica \u00b7 Natural M\u00e8dic Est\u00e8tic Manresa \u00b7 Est\u00e9tica Avanzada","description":"Nutrici\u00f3n y Diet\u00e9tica \u00b7 Natural M\u00e8dic Est\u00e8tic Manresa \u00b7 Est\u00e9tica Avanzada \u00b7 Centro de est\u00e9tica ubicado en Manresa. Est\u00e9tica y nutrici\u00f3n.","robots":{"index":"index","follow":"follow","max-snippet":"max-snippet:-1","max-image-preview":"max-image-preview:large","max-video-preview":"max-video-preview:-1"},"canonical":"https:\/\/centroesteticamanresa.com\/es\/nutricion-y-dietetica\/","og_locale":"es_ES","og_type":"article","og_title":"Nutrici\u00f3n y Diet\u00e9tica \u00b7 Natural M\u00e8dic Est\u00e8tic Manresa \u00b7 Est\u00e9tica Avanzada","og_description":"Nutrici\u00f3n y Diet\u00e9tica \u00b7 Natural M\u00e8dic Est\u00e8tic Manresa \u00b7 Est\u00e9tica Avanzada \u00b7 Centro de est\u00e9tica ubicado en Manresa. Est\u00e9tica y nutrici\u00f3n.","og_url":"https:\/\/centroesteticamanresa.com\/es\/nutricion-y-dietetica\/","og_site_name":"Natural M\u00e8dic Est\u00e8tic \u00b7 Centre M\u00e8dic Est\u00e8tic a Manresa","article_modified_time":"2020-09-22T09:48:43+00:00","twitter_card":"summary_large_image","twitter_misc":{"Tiempo de lectura":"2 minutos"},"schema":{"@context":"https:\/\/schema.org","@graph":[{"@type":"WebPage","@id":"https:\/\/centroesteticamanresa.com\/es\/nutricion-y-dietetica\/","url":"https:\/\/centroesteticamanresa.com\/es\/nutricion-y-dietetica\/","name":"Nutrici\u00f3n y Diet\u00e9tica \u00b7 Natural M\u00e8dic Est\u00e8tic Manresa \u00b7 Est\u00e9tica Avanzada","isPartOf":{"@id":"https:\/\/centroesteticamanresa.com\/es\/#website"},"datePublished":"2020-01-22T11:38:50+00:00","dateModified":"2020-09-22T09:48:43+00:00","description":"Nutrici\u00f3n y Diet\u00e9tica \u00b7 Natural M\u00e8dic Est\u00e8tic Manresa \u00b7 Est\u00e9tica Avanzada \u00b7 Centro de est\u00e9tica ubicado en Manresa. Est\u00e9tica y nutrici\u00f3n.","breadcrumb":{"@id":"https:\/\/centroesteticamanresa.com\/es\/nutricion-y-dietetica\/#breadcrumb"},"inLanguage":"es","potentialAction":[{"@type":"ReadAction","target":["https:\/\/centroesteticamanresa.com\/es\/nutricion-y-dietetica\/"]}]},{"@type":"BreadcrumbList","@id":"https:\/\/centroesteticamanresa.com\/es\/nutricion-y-dietetica\/#breadcrumb","itemListElement":[{"@type":"ListItem","position":1,"name":"Portada","item":"https:\/\/centroesteticamanresa.com\/es\/"},{"@type":"ListItem","position":2,"name":"Nutrici\u00f3n y Diet\u00e9tica"}]},{"@type":"WebSite","@id":"https:\/\/centroesteticamanresa.com\/es\/#website","url":"https:\/\/centroesteticamanresa.com\/es\/","name":"Natural M\u00e8dic Est\u00e8tic \u00b7 Centre M\u00e8dic Est\u00e8tic a Manresa","description":"Centro M\u00e9dico de est\u00e9tica avanzada especializado en adelgazamiento, belleza y salud integral, ubicado en Manresa (Barcelona).","potentialAction":[{"@type":"SearchAction","target":{"@type":"EntryPoint","urlTemplate":"https:\/\/centroesteticamanresa.com\/es\/?s={search_term_string}"},"query-input":"required name=search_term_string"}],"inLanguage":"es"}]}},"uagb_featured_image_src":{"full":false,"thumbnail":false,"medium":false,"medium_large":false,"large":false,"1536x1536":false,"2048x2048":false},"uagb_author_info":{"display_name":"AitzaWeb","author_link":"https:\/\/centroesteticamanresa.com\/es\/author\/aitzaweb\/"},"uagb_comment_info":0,"uagb_excerpt":null,"_links":{"self":[{"href":"https:\/\/centroesteticamanresa.com\/es\/wp-json\/wp\/v2\/pages\/279"}],"collection":[{"href":"https:\/\/centroesteticamanresa.com\/es\/wp-json\/wp\/v2\/pages"}],"about":[{"href":"https:\/\/centroesteticamanresa.com\/es\/wp-json\/wp\/v2\/types\/page"}],"author":[{"embeddable":true,"href":"https:\/\/centroesteticamanresa.com\/es\/wp-json\/wp\/v2\/users\/4"}],"replies":[{"embeddable":true,"href":"https:\/\/centroesteticamanresa.com\/es\/wp-json\/wp\/v2\/comments?post=279"}],"version-history":[{"count":23,"href":"https:\/\/centroesteticamanresa.com\/es\/wp-json\/wp\/v2\/pages\/279\/revisions"}],"predecessor-version":[{"id":532,"href":"https:\/\/centroesteticamanresa.com\/es\/wp-json\/wp\/v2\/pages\/279\/revisions\/532"}],"wp:attachment":[{"href":"https:\/\/centroesteticamanresa.com\/es\/wp-json\/wp\/v2\/media?parent=279"}],"curies":[{"name":"wp","href":"https:\/\/api.w.org\/{rel}","templated":true}]}}